{"id":1085,"date":"2026-04-14T12:14:08","date_gmt":"2026-04-14T15:14:08","guid":{"rendered":"https:\/\/educacaomedica.fint.edu.br\/?page_id=1085"},"modified":"2026-04-30T09:42:24","modified_gmt":"2026-04-30T12:42:24","slug":"pos-medicina-da-dor","status":"publish","type":"page","link":"https:\/\/educacaomedica.fint.edu.br\/index.php\/pos-graduacao\/pos-medicina-da-dor\/","title":{"rendered":"P\u00d3S-MEDICINA DA DOR"},"content":{"rendered":"\n<div class=\"wp-block-columns is-layout-flex wp-container-core-columns-layout-1 wp-block-columns-is-layout-flex\">\n<div class=\"wp-block-column is-layout-flow wp-block-column-is-layout-flow\">\n<figure class=\"wp-block-image size-large is-resized\"><img loading=\"lazy\" decoding=\"async\" width=\"1024\" height=\"683\" src=\"https:\/\/educacaomedica.fint.edu.br\/wp-content\/uploads\/2026\/04\/female-doctor-examining-patient-1024x683.jpg\" alt=\"\" class=\"wp-image-1083\" style=\"width:384px;height:auto\" srcset=\"https:\/\/educacaomedica.fint.edu.br\/wp-content\/uploads\/2026\/04\/female-doctor-examining-patient-1024x683.jpg 1024w, https:\/\/educacaomedica.fint.edu.br\/wp-content\/uploads\/2026\/04\/female-doctor-examining-patient-300x200.jpg 300w, https:\/\/educacaomedica.fint.edu.br\/wp-content\/uploads\/2026\/04\/female-doctor-examining-patient-768x512.jpg 768w, https:\/\/educacaomedica.fint.edu.br\/wp-content\/uploads\/2026\/04\/female-doctor-examining-patient.jpg 1450w\" sizes=\"(max-width: 1024px) 100vw, 1024px\" \/><\/figure>\n<\/div>\n\n\n\n<div class=\"wp-block-column is-layout-flow wp-block-column-is-layout-flow\">\n<h1 class=\"wp-block-heading has-text-color has-link-color has-large-font-size wp-elements-e5e8f693057a93edf8a8a0db8f7b2c8b\" style=\"color:#5059a1\">P\u00d3S-GRADUA\u00c7\u00c3O <br>MEDICINA DA DOR <\/h1>\n\n\n\n<p>A especializa\u00e7\u00e3o em Atualiza\u00e7\u00e3o em Medicina da Dor oferece uma&nbsp;forma\u00e7\u00e3o s\u00f3lida,atualizada e baseada em evid\u00eancias, aperfei\u00e7oando o conhecimento m\u00e9dico comexcel\u00eancia&nbsp;para identificar e tratar s\u00edndromes dolorosas. Com 400 horas de teoria e um m\u00f3dulo pr\u00e1tico opcional de 60 horas, o curso combina conhecimento cient\u00edfico avan\u00e7ado com uma abordagem centrada no paciente. Projetado para os m\u00e9dicos contempor\u00e2neos, incorpora discuss\u00f5es sobre casos reais em um curr\u00edculo conciso e atualizado, preparando os profissionais para uma eficaz resolu\u00e7\u00e3o em um contexto em que 37% da popula\u00e7\u00e3o brasileira enfrenta dor cr\u00f4nica. &nbsp;<\/p>\n\n\n\n<p><\/p>\n\n\n<div class=\"lightweight-accordion has-text-color has-background\"><details><summary class=\"lightweight-accordion-title\" style=\"color:#ffffff;background:#08366c;\"><span>Valor do Curso<\/span><\/summary><div class=\"lightweight-accordion-body\" style=\"border-color:#08366c;\">\n\n<p class=\"has-text-align-center has-black-color has-text-color has-link-color wp-elements-fa59e59e96cb519b4c6b1ceb5619ceba\">Valor da Inscri\u00e7\u00e3o: Gratuita <\/p>\n\n\n\n<hr class=\"wp-block-separator has-alpha-channel-opacity\"\/>\n\n\n\n<p>O investimento ser\u00e1 em <strong>24 parcelas de R$ 1.200<\/strong> para a P\u00f3s-gradua\u00e7\u00e3o.&nbsp;<\/p>\n\n\n\n<p>O m\u00f3dulo M\u00f3dulo Pr\u00e1tico Optativo: 60 horas, ter\u00e1 o investimento de <strong>06 parcelas de R$1.000,00<\/strong>.\u00a0<\/p>\n\n\n\n<p class=\"has-text-align-center has-black-color has-text-color has-link-color has-small-font-size wp-elements-26c457b0a23e5a9c8c50f93d615ad7e9\">Fale com um consultor e garanta condi\u00e7\u00f5es especiais<\/p>\n\n<\/div><\/details><\/div>\n\n\n<div class=\"wp-block-buttons is-layout-flex wp-block-buttons-is-layout-flex\">\n<div class=\"wp-block-button has-custom-width wp-block-button__width-50\"><a class=\"wp-block-button__link has-background wp-element-button\" href=\"https:\/\/fint.jacad.com.br\/academico\/e-course\/v3\/link?idCurso=43\" style=\"background-color:#08366c\" target=\"_blank\" rel=\"noreferrer noopener\">Inscreva-se<\/a><\/div>\n\n\n\n<div class=\"wp-block-button has-custom-width wp-block-button__width-50\"><a class=\"wp-block-button__link has-background wp-element-button\" href=\"https:\/\/wa.me\/5519971386715?text=Ol%C3%A1%21%20Vi%20o%20curso%20de%20P%C3%B3s-gradua%C3%A7%C3%A3o%20em%20Medicina%20da%20Dor%20no%20site%20e%20gostaria%20de%20mais%20informa%C3%A7%C3%B5es%20por%20favor.\" style=\"background-color:#08366c\" target=\"_blank\" rel=\"noreferrer noopener\">Fale com um consultor<\/a><\/div>\n<\/div>\n<\/div>\n<\/div>\n\n\n\n<div class=\"wp-block-columns is-layout-flex wp-container-core-columns-layout-2 wp-block-columns-is-layout-flex\">\n<div class=\"wp-block-column is-layout-flow wp-block-column-is-layout-flow\"><div class=\"lightweight-accordion has-text-color has-background\"><details><summary class=\"lightweight-accordion-title\" style=\"color:#ffffff;background:#08366c;\"><span>Metodologia<\/span><\/summary><div class=\"lightweight-accordion-body\" style=\"border-color:#08366c;\">\n\n<p class=\"has-black-color has-text-color has-link-color wp-elements-c4be3d8a8d82be58f0c86acb32368a16\">As aulas s\u00e3o realizadas de forma remota e ao vivo, com discuss\u00f5es de casos cl\u00ednicos estruturados e supervis\u00e3o por especialistas. O curso inclui uma imers\u00e3o pr\u00e1tica presencial opcional no final. &nbsp;<\/p>\n\n<\/div><\/details><\/div><\/div>\n\n\n\n<div class=\"wp-block-column is-layout-flow wp-block-column-is-layout-flow\"><div class=\"lightweight-accordion has-text-color has-background\"><details><summary class=\"lightweight-accordion-title\" style=\"color:#ffffff;background:#08366c;\"><span>P\u00fablico-alvo<\/span><\/summary><div class=\"lightweight-accordion-body\" style=\"border-color:#08366c;\">\n\n<p class=\"has-black-color has-text-color has-link-color wp-elements-9984557934acaa350a6594b57e8d3845\">O curso \u00e9 destinado a m\u00e9dicos formados que desejam cont\u00ednuo aprimoramento e maior compet\u00eancia no tratamento da dor. \u00c9 ideal para cl\u00ednicos gerais, neurologistas, anestesiologistas, ortopedistas, reumatologistas, fisiatras, oncologistas e m\u00e9dicos generalistas. Foi concebido para aqueles que buscam aumentar a efic\u00e1cia e o retorno financeiro em suas pr\u00e1ticas, atrav\u00e9s de um pensamento cl\u00ednico mais apurado e m\u00e9todos baseados em evid\u00eancias. &nbsp;<\/p>\n\n<\/div><\/details><\/div><\/div>\n\n\n\n<div class=\"wp-block-column is-layout-flow wp-block-column-is-layout-flow\"><div class=\"lightweight-accordion has-text-color has-background\"><details><summary class=\"lightweight-accordion-title\" style=\"color:#ffffff;background:#08366c;\"><span>Corpo Docente<\/span><\/summary><div class=\"lightweight-accordion-body\" style=\"border-color:#08366c;\">\n\n<p class=\"has-black-color has-text-color has-link-color wp-elements-f2d33c582f2ae232aeb23e96faf2b825\">A coordena\u00e7\u00e3o est\u00e1 a cargo da Dra. Marushcka Salles Fraz\u00e3o de Assis, m\u00e9dica com especializa\u00e7\u00e3o em Neurocirurgia, aprimoramento em Neurocirurgia Funcional pela USP e forma\u00e7\u00e3o em Psiquiatria. Ela possui ampla experi\u00eancia na abordagem interdisciplinar da dor. O corpo docente conta com especialistas reconhecidos, que atuam fortemente na pr\u00e1tica cl\u00ednica e acad\u00eamica em centros de refer\u00eancia, assegurando um ensino pragm\u00e1tico e aplic\u00e1vel. &nbsp;<\/p>\n\n<\/div><\/details><\/div><\/div>\n<\/div>\n\n\n\n<p><\/p>\n\n\n\n<hr class=\"wp-block-separator has-alpha-channel-opacity\"\/>\n\n\n\n<div class=\"wp-block-media-text has-media-on-the-right is-stacked-on-mobile\"><div class=\"wp-block-media-text__content\">\n<h2 class=\"wp-block-heading has-large-font-size\">OBJETIVOS DO CURSO<\/h2>\n\n\n\n<p>Discutir sobre pr\u00e1ticas m\u00e9dicas, com \u00eanfase em resultados tang\u00edveis nos consult\u00f3rios:&nbsp;<\/p>\n\n\n\n<ul>\n<li>Desenvolver compet\u00eancias avan\u00e7adas no diagn\u00f3stico e manejo da dor aguda e cr\u00f4nica. <\/li>\n\n\n\n<li>Aprimorar decis\u00f5es cl\u00ednicas fundamentadas nas mais recentes pesquisas cient\u00edficas.<\/li>\n\n\n\n<li>Desenvolver o racioc\u00ednio cl\u00ednico aplicado a s\u00edndromes dolorosas complexas.&nbsp;<\/li>\n\n\n\n<li>Fomentar uma abordagem multidisciplinar e biopsicossocial da dor, integrando a vis\u00e3o do paciente de forma hol\u00edstica.&nbsp;<\/li>\n\n\n\n<li>Atualizar as op\u00e7\u00f5es terap\u00eauticas do m\u00e9dico em tratamentos tanto farmacol\u00f3gicos quanto n\u00e3o farmacol\u00f3gicos.&nbsp;<\/li>\n\n\n\n<li>Discutir sobre princ\u00edpios de interven\u00e7\u00f5es para dor com seguran\u00e7a e crit\u00e9rios t\u00e9cnicos adequados.<\/li>\n<\/ul>\n<\/div><figure class=\"wp-block-media-text__media\"><img loading=\"lazy\" decoding=\"async\" width=\"1024\" height=\"979\" src=\"https:\/\/educacaomedica.fint.edu.br\/wp-content\/uploads\/2024\/11\/Group-210-1024x979.png\" alt=\"\" class=\"wp-image-300 size-full\" srcset=\"https:\/\/educacaomedica.fint.edu.br\/wp-content\/uploads\/2024\/11\/Group-210-1024x979.png 1024w, https:\/\/educacaomedica.fint.edu.br\/wp-content\/uploads\/2024\/11\/Group-210-300x287.png 300w, https:\/\/educacaomedica.fint.edu.br\/wp-content\/uploads\/2024\/11\/Group-210-768x734.png 768w, https:\/\/educacaomedica.fint.edu.br\/wp-content\/uploads\/2024\/11\/Group-210-1536x1468.png 1536w, https:\/\/educacaomedica.fint.edu.br\/wp-content\/uploads\/2024\/11\/Group-210.png 1610w\" sizes=\"(max-width: 1024px) 100vw, 1024px\" \/><\/figure><\/div>\n\n\n\n<hr class=\"wp-block-separator has-alpha-channel-opacity\"\/>\n\n\n\n<div class=\"wp-block-columns is-layout-flex wp-container-core-columns-layout-3 wp-block-columns-is-layout-flex\">\n<div class=\"wp-block-column is-vertically-aligned-center is-layout-flow wp-block-column-is-layout-flow\">\n<h2 class=\"wp-block-heading has-text-align-center\">Inscri\u00e7\u00f5es abertas<\/h2>\n\n\n\n<p class=\"has-text-align-center has-black-color has-text-color has-link-color wp-elements-a6134811e9f3d95598c27a6457579650\">Matricule-se e transforme seu conhecimento em pr\u00e1tica!<br><\/p>\n\n\n\n<div class=\"wp-block-buttons is-content-justification-center is-layout-flex wp-container-core-buttons-layout-2 wp-block-buttons-is-layout-flex\">\n<div class=\"wp-block-button\"><a class=\"wp-block-button__link has-background wp-element-button\" href=\"https:\/\/fint.jacad.com.br\/academico\/e-course\/v3\/link?idCurso=43\" style=\"background-color:#08366c\" target=\"_blank\" rel=\"noreferrer noopener\">Inscreva-se<\/a><\/div>\n<\/div>\n<\/div>\n<\/div>\n\n\n\n<figure class=\"wp-block-pullquote\"><blockquote><p>A realiza\u00e7\u00e3o deste curso est\u00e1 sujeita \u00e0 forma\u00e7\u00e3o de turma com um n\u00famero<br>m\u00ednimo de participantes.<\/p><\/blockquote><\/figure>\n\n\n\n<div class=\"wp-block-columns is-layout-flex wp-container-core-columns-layout-4 wp-block-columns-is-layout-flex\">\n<div class=\"wp-block-column is-layout-flow wp-block-column-is-layout-flow\">\n<figure class=\"wp-block-embed is-type-video is-provider-youtube wp-block-embed-youtube wp-embed-aspect-16-9 wp-has-aspect-ratio\"><div class=\"wp-block-embed__wrapper\">\n<iframe loading=\"lazy\" title=\"FINT de Perto: Conhe\u00e7a Toda a Estrutura que Faz a Diferen\u00e7a\" width=\"500\" height=\"281\" src=\"https:\/\/www.youtube.com\/embed\/7lBKCwlRirA?feature=oembed\" frameborder=\"0\" allow=\"accelerometer; autoplay; clipboard-write; encrypted-media; gyroscope; picture-in-picture; web-share\" referrerpolicy=\"strict-origin-when-cross-origin\" allowfullscreen><\/iframe>\n<\/div><\/figure>\n<\/div>\n\n\n\n<div class=\"wp-block-column is-layout-flow wp-block-column-is-layout-flow\">\n<h2 class=\"wp-block-heading\">A FINT de Perto: Conhe\u00e7a Toda a Estrutura que Faz a Diferen\u00e7a<\/h2>\n\n\n\n<p class=\"has-black-color has-text-color has-link-color wp-elements-8c3ea1ba063ba3ab072c00727a370a2b\"><strong>Aqui, cada detalhe foi pensado para voc\u00ea evoluir.<\/strong><br>Neste v\u00eddeo, voc\u00ea vai conhecer de perto a estrutura da FINT: espa\u00e7os modernos, tecnologia de ponta e ambientes que inspiram aprendizado. Aperte o play e sinta como \u00e9 estudar em um lugar feito para transformar sua trajet\u00f3ria.<\/p>\n<\/div>\n<\/div>\n","protected":false},"excerpt":{"rendered":"<p>P\u00d3S-GRADUA\u00c7\u00c3O MEDICINA DA DOR A especializa\u00e7\u00e3o em Atualiza\u00e7\u00e3o em Medicina da Dor oferece uma&nbsp;forma\u00e7\u00e3o s\u00f3lida,atualizada e baseada em evid\u00eancias, aperfei\u00e7oando o conhecimento m\u00e9dico comexcel\u00eancia&nbsp;para identificar e tratar s\u00edndromes dolorosas. Com 400 horas de teoria e um m\u00f3dulo pr\u00e1tico opcional de 60 horas, o curso combina conhecimento cient\u00edfico avan\u00e7ado com uma abordagem centrada no paciente. Projetado [&hellip;]<\/p>\n","protected":false},"author":7,"featured_media":0,"parent":163,"menu_order":0,"comment_status":"closed","ping_status":"closed","template":"template-fullwidth.php","meta":{"om_disable_all_campaigns":false,"_monsterinsights_skip_tracking":false,"_monsterinsights_sitenote_active":false,"_monsterinsights_sitenote_note":"","_monsterinsights_sitenote_category":0,"_uf_show_specific_survey":0,"_uf_disable_surveys":false,"footnotes":""},"aioseo_notices":[],"_links":{"self":[{"href":"https:\/\/educacaomedica.fint.edu.br\/index.php\/wp-json\/wp\/v2\/pages\/1085"}],"collection":[{"href":"https:\/\/educacaomedica.fint.edu.br\/index.php\/wp-json\/wp\/v2\/pages"}],"about":[{"href":"https:\/\/educacaomedica.fint.edu.br\/index.php\/wp-json\/wp\/v2\/types\/page"}],"author":[{"embeddable":true,"href":"https:\/\/educacaomedica.fint.edu.br\/index.php\/wp-json\/wp\/v2\/users\/7"}],"replies":[{"embeddable":true,"href":"https:\/\/educacaomedica.fint.edu.br\/index.php\/wp-json\/wp\/v2\/comments?post=1085"}],"version-history":[{"count":9,"href":"https:\/\/educacaomedica.fint.edu.br\/index.php\/wp-json\/wp\/v2\/pages\/1085\/revisions"}],"predecessor-version":[{"id":1183,"href":"https:\/\/educacaomedica.fint.edu.br\/index.php\/wp-json\/wp\/v2\/pages\/1085\/revisions\/1183"}],"up":[{"embeddable":true,"href":"https:\/\/educacaomedica.fint.edu.br\/index.php\/wp-json\/wp\/v2\/pages\/163"}],"wp:attachment":[{"href":"https:\/\/educacaomedica.fint.edu.br\/index.php\/wp-json\/wp\/v2\/media?parent=1085"}],"curies":[{"name":"wp","href":"https:\/\/api.w.org\/{rel}","templated":true}]}}